{"id":56,"date":"2026-03-09T10:10:05","date_gmt":"2026-03-09T10:10:05","guid":{"rendered":"https:\/\/lecafedumidi46.fr\/?page_id=56"},"modified":"2026-03-30T14:34:25","modified_gmt":"2026-03-30T14:34:25","slug":"lesprit-du-cafe-du-midi","status":"publish","type":"page","link":"https:\/\/lecafedumidi46.fr\/?page_id=56","title":{"rendered":"L&#8217;Esprit du Caf\u00e9 du Midi"},"content":{"rendered":"\t\t<div data-elementor-type=\"wp-page\" data-elementor-id=\"56\" class=\"elementor elementor-56\">\n\t\t\t\t<div class=\"elementor-element elementor-element-db3fde5 e-flex e-con-boxed e-con e-parent\" data-id=\"db3fde5\" data-element_type=\"container\" data-e-type=\"container\">\n\t\t\t\t\t<div class=\"e-con-inner\">\n\t\t<div class=\"elementor-element elementor-element-fd88a4b e-con-full e-flex e-con e-child\" data-id=\"fd88a4b\" data-element_type=\"container\" data-e-type=\"container\">\n\t\t\t\t<div class=\"elementor-element elementor-element-e755811 elementor-widget elementor-widget-heading\" data-id=\"e755811\" data-element_type=\"widget\" data-e-type=\"widget\" data-widget_type=\"heading.default\">\n\t\t\t\t\t<h1 class=\"elementor-heading-title elementor-size-default\">L'Esprit Caf\u00e9 du Midi<\/h1>\t\t\t\t<\/div>\n\t\t\t\t<div class=\"elementor-element elementor-element-53b72b4 elementor-widget elementor-widget-image\" data-id=\"53b72b4\" data-element_type=\"widget\" data-e-type=\"widget\" data-widget_type=\"image.default\">\n\t\t\t\t\t\t\t\t\t\t\t\t\t\t\t<img fetchpriority=\"high\" decoding=\"async\" width=\"300\" height=\"225\" src=\"https:\/\/lecafedumidi46.fr\/wp-content\/uploads\/2026\/03\/IMG_8030-300x225.jpeg\" class=\"attachment-medium size-medium wp-image-58\" alt=\"restaurant le caf\u00e9 du midi lacapelle marival\" srcset=\"https:\/\/lecafedumidi46.fr\/wp-content\/uploads\/2026\/03\/IMG_8030-300x225.jpeg 300w, https:\/\/lecafedumidi46.fr\/wp-content\/uploads\/2026\/03\/IMG_8030-1024x768.jpeg 1024w, https:\/\/lecafedumidi46.fr\/wp-content\/uploads\/2026\/03\/IMG_8030-768x576.jpeg 768w, https:\/\/lecafedumidi46.fr\/wp-content\/uploads\/2026\/03\/IMG_8030-1536x1152.jpeg 1536w, https:\/\/lecafedumidi46.fr\/wp-content\/uploads\/2026\/03\/IMG_8030-2048x1536.jpeg 2048w\" sizes=\"(max-width: 300px) 100vw, 300px\" \/>\t\t\t\t\t\t\t\t\t\t\t\t\t\t\t<\/div>\n\t\t\t\t<\/div>\n\t\t<div class=\"elementor-element elementor-element-409ec5b e-con-full e-flex e-con e-child\" data-id=\"409ec5b\" data-element_type=\"container\" data-e-type=\"container\">\n\t\t\t\t<div class=\"elementor-element elementor-element-afedcaa elementor-widget elementor-widget-heading\" data-id=\"afedcaa\" data-element_type=\"widget\" data-e-type=\"widget\" data-widget_type=\"heading.default\">\n\t\t\t\t\t<h2 class=\"elementor-heading-title elementor-size-default\"><a href=\"https:\/\/lecafedumidi46.fr\/?page_id=38\" target=\"_blank\">Les viandes locales, sp\u00e9cialit\u00e9s du Caf\u00e9 du Midi<\/a><\/h2>\t\t\t\t<\/div>\n\t\t\t\t<div class=\"elementor-element elementor-element-dc1e578 elementor-widget elementor-widget-image\" data-id=\"dc1e578\" data-element_type=\"widget\" data-e-type=\"widget\" data-widget_type=\"image.default\">\n\t\t\t\t\t\t\t\t\t\t\t\t\t\t\t<img decoding=\"async\" width=\"300\" height=\"200\" src=\"https:\/\/lecafedumidi46.fr\/wp-content\/uploads\/2026\/03\/Copilot_20260311_144118-copie-300x200.jpg\" class=\"attachment-medium size-medium wp-image-136\" alt=\"\" srcset=\"https:\/\/lecafedumidi46.fr\/wp-content\/uploads\/2026\/03\/Copilot_20260311_144118-copie-300x200.jpg 300w, https:\/\/lecafedumidi46.fr\/wp-content\/uploads\/2026\/03\/Copilot_20260311_144118-copie-1024x683.jpg 1024w, https:\/\/lecafedumidi46.fr\/wp-content\/uploads\/2026\/03\/Copilot_20260311_144118-copie-768x512.jpg 768w, https:\/\/lecafedumidi46.fr\/wp-content\/uploads\/2026\/03\/Copilot_20260311_144118-copie.jpg 1536w\" sizes=\"(max-width: 300px) 100vw, 300px\" \/>\t\t\t\t\t\t\t\t\t\t\t\t\t\t\t<\/div>\n\t\t\t\t<div class=\"elementor-element elementor-element-677f0fb elementor-widget elementor-widget-text-editor\" data-id=\"677f0fb\" data-element_type=\"widget\" data-e-type=\"widget\" data-widget_type=\"text-editor.default\">\n\t\t\t\t\t\t\t\t\t<p>Au Restaurant Le Caf\u00e9 du Midi, nous travaillons essentiellement des viandes issues du terroir local. De la viande de boeuf, \u00e0 l&#8217;Agneau labelis\u00e9 du Quercy en passant par la viande de porc, nous vous proposons des viandes savoureuses<\/p>\t\t\t\t\t\t\t\t<\/div>\n\t\t\t\t<\/div>\n\t\t\t\t\t<\/div>\n\t\t\t\t<\/div>\n\t\t<div class=\"elementor-element elementor-element-e2aba05 e-flex e-con-boxed e-con e-parent\" data-id=\"e2aba05\" data-element_type=\"container\" data-e-type=\"container\">\n\t\t\t\t\t<div class=\"e-con-inner\">\n\t\t\t\t<div class=\"elementor-element elementor-element-b9a2bca elementor-widget elementor-widget-text-editor\" data-id=\"b9a2bca\" data-element_type=\"widget\" data-e-type=\"widget\" data-widget_type=\"text-editor.default\">\n\t\t\t\t\t\t\t\t\t<p>Au Caf\u00e9 du Midi, nous cuisinons chaque jour avec passion des produits frais et locaux.<br \/>Notre cuisine est simple, g\u00e9n\u00e9reuse et inspir\u00e9e du terroir lotois.<br \/>Ici, on aime accueillir, partager et faire plaisir.<\/p>\t\t\t\t\t\t\t\t<\/div>\n\t\t\t\t\t<\/div>\n\t\t\t\t<\/div>\n\t\t<div class=\"elementor-element elementor-element-5087ba0 e-flex e-con-boxed e-con e-parent\" data-id=\"5087ba0\" data-element_type=\"container\" data-e-type=\"container\">\n\t\t\t\t\t<div class=\"e-con-inner\">\n\t\t<div class=\"elementor-element elementor-element-42b6f05 e-con-full e-flex e-con e-child\" data-id=\"42b6f05\" data-element_type=\"container\" data-e-type=\"container\">\n\t\t\t\t<div class=\"elementor-element elementor-element-09ae8ed elementor-widget elementor-widget-image\" data-id=\"09ae8ed\" data-element_type=\"widget\" data-e-type=\"widget\" data-widget_type=\"image.default\">\n\t\t\t\t\t\t\t\t\t\t\t\t\t\t\t<img decoding=\"async\" width=\"300\" height=\"200\" src=\"https:\/\/lecafedumidi46.fr\/wp-content\/uploads\/2026\/03\/g80324cfa61806c13fd12a255d9296d7482f21bf268ae1ddb826a16d8ebe2a93cd27b17ca4ef40495b476b365033e9d633acab48cf91bf2739b71abf33d965ac9_1280-7595910-300x200.jpg\" class=\"attachment-medium size-medium wp-image-59\" alt=\"les burgers du restaurant lacapelle marival le Caf\u00e9 du Midi\" srcset=\"https:\/\/lecafedumidi46.fr\/wp-content\/uploads\/2026\/03\/g80324cfa61806c13fd12a255d9296d7482f21bf268ae1ddb826a16d8ebe2a93cd27b17ca4ef40495b476b365033e9d633acab48cf91bf2739b71abf33d965ac9_1280-7595910-300x200.jpg 300w, https:\/\/lecafedumidi46.fr\/wp-content\/uploads\/2026\/03\/g80324cfa61806c13fd12a255d9296d7482f21bf268ae1ddb826a16d8ebe2a93cd27b17ca4ef40495b476b365033e9d633acab48cf91bf2739b71abf33d965ac9_1280-7595910-1024x682.jpg 1024w, https:\/\/lecafedumidi46.fr\/wp-content\/uploads\/2026\/03\/g80324cfa61806c13fd12a255d9296d7482f21bf268ae1ddb826a16d8ebe2a93cd27b17ca4ef40495b476b365033e9d633acab48cf91bf2739b71abf33d965ac9_1280-7595910-768x511.jpg 768w, https:\/\/lecafedumidi46.fr\/wp-content\/uploads\/2026\/03\/g80324cfa61806c13fd12a255d9296d7482f21bf268ae1ddb826a16d8ebe2a93cd27b17ca4ef40495b476b365033e9d633acab48cf91bf2739b71abf33d965ac9_1280-7595910.jpg 1280w\" sizes=\"(max-width: 300px) 100vw, 300px\" \/>\t\t\t\t\t\t\t\t\t\t\t\t\t\t\t<\/div>\n\t\t\t\t<div class=\"elementor-element elementor-element-d88d9ee elementor-widget elementor-widget-heading\" data-id=\"d88d9ee\" data-element_type=\"widget\" data-e-type=\"widget\" data-widget_type=\"heading.default\">\n\t\t\t\t\t<h2 class=\"elementor-heading-title elementor-size-default\"><a href=\"https:\/\/lecafedumidi46.fr\/?page_id=38\">Nos burgers signature<\/a><\/h2>\t\t\t\t<\/div>\n\t\t\t\t<div class=\"elementor-element elementor-element-451d810 elementor-widget elementor-widget-text-editor\" data-id=\"451d810\" data-element_type=\"widget\" data-e-type=\"widget\" data-widget_type=\"text-editor.default\">\n\t\t\t\t\t\t\t\t\t<p>Au Caf\u00e9 du Midi, tous nos burgers sont fait Maison. G\u00e9n\u00e9reux et gourmands, venez d\u00e9couvrir nos burgers v\u00e9g\u00e9tariens, nos burgers de canard&#8230;<\/p>\t\t\t\t\t\t\t\t<\/div>\n\t\t\t\t<\/div>\n\t\t<div class=\"elementor-element elementor-element-e03d709 e-con-full e-flex e-con e-child\" data-id=\"e03d709\" data-element_type=\"container\" data-e-type=\"container\">\n\t\t\t\t<div class=\"elementor-element elementor-element-68038cf elementor-widget elementor-widget-image\" data-id=\"68038cf\" data-element_type=\"widget\" data-e-type=\"widget\" data-widget_type=\"image.default\">\n\t\t\t\t\t\t\t\t\t\t\t\t\t\t\t<img loading=\"lazy\" decoding=\"async\" width=\"300\" height=\"200\" src=\"https:\/\/lecafedumidi46.fr\/wp-content\/uploads\/2026\/03\/g8dbb546fa3b8e1310aeb44509e1f6c35f6b1747f030218889a7e240bb90d7fe90fac97a3e84b7fa87a09d6b6b96ea00671eb0de339b54d54f79ab4308e345e40_1280-1672505-300x200.jpg\" class=\"attachment-medium size-medium wp-image-60\" alt=\"restaurant lacapelle marival salades fraiches\" srcset=\"https:\/\/lecafedumidi46.fr\/wp-content\/uploads\/2026\/03\/g8dbb546fa3b8e1310aeb44509e1f6c35f6b1747f030218889a7e240bb90d7fe90fac97a3e84b7fa87a09d6b6b96ea00671eb0de339b54d54f79ab4308e345e40_1280-1672505-300x200.jpg 300w, https:\/\/lecafedumidi46.fr\/wp-content\/uploads\/2026\/03\/g8dbb546fa3b8e1310aeb44509e1f6c35f6b1747f030218889a7e240bb90d7fe90fac97a3e84b7fa87a09d6b6b96ea00671eb0de339b54d54f79ab4308e345e40_1280-1672505-1024x683.jpg 1024w, https:\/\/lecafedumidi46.fr\/wp-content\/uploads\/2026\/03\/g8dbb546fa3b8e1310aeb44509e1f6c35f6b1747f030218889a7e240bb90d7fe90fac97a3e84b7fa87a09d6b6b96ea00671eb0de339b54d54f79ab4308e345e40_1280-1672505-768x512.jpg 768w, https:\/\/lecafedumidi46.fr\/wp-content\/uploads\/2026\/03\/g8dbb546fa3b8e1310aeb44509e1f6c35f6b1747f030218889a7e240bb90d7fe90fac97a3e84b7fa87a09d6b6b96ea00671eb0de339b54d54f79ab4308e345e40_1280-1672505.jpg 1280w\" sizes=\"(max-width: 300px) 100vw, 300px\" \/>\t\t\t\t\t\t\t\t\t\t\t\t\t\t\t<\/div>\n\t\t\t\t<div class=\"elementor-element elementor-element-6b2e499 elementor-widget elementor-widget-heading\" data-id=\"6b2e499\" data-element_type=\"widget\" data-e-type=\"widget\" data-widget_type=\"heading.default\">\n\t\t\t\t\t<h2 class=\"elementor-heading-title elementor-size-default\"><a href=\"https:\/\/lecafedumidi46.fr\/?page_id=38\">Nos salades fra\u00eeches<\/a><\/h2>\t\t\t\t<\/div>\n\t\t\t\t<div class=\"elementor-element elementor-element-ba99c00 elementor-widget elementor-widget-text-editor\" data-id=\"ba99c00\" data-element_type=\"widget\" data-e-type=\"widget\" data-widget_type=\"text-editor.default\">\n\t\t\t\t\t\t\t\t\t<p>Tous les jours, midi et soir, le Caf\u00e9 du Midi vous propose un large choix de salades compos\u00e9es fra\u00eeches, g\u00e9n\u00e9reuses et gourmandes compos\u00e9es de produits locaux<\/p>\t\t\t\t\t\t\t\t<\/div>\n\t\t\t\t<\/div>\n\t\t<div class=\"elementor-element elementor-element-3b1f219 e-con-full e-flex e-con e-child\" data-id=\"3b1f219\" data-element_type=\"container\" data-e-type=\"container\">\n\t\t\t\t<div class=\"elementor-element elementor-element-c885963 elementor-widget elementor-widget-image\" data-id=\"c885963\" data-element_type=\"widget\" data-e-type=\"widget\" data-widget_type=\"image.default\">\n\t\t\t\t\t\t\t\t\t\t\t\t\t\t\t<img loading=\"lazy\" decoding=\"async\" width=\"300\" height=\"225\" src=\"https:\/\/lecafedumidi46.fr\/wp-content\/uploads\/2026\/03\/g4d0d8889b713b9196370ebf68e1b0aa80d9b60632d10f144026754df76e1ac254ca7843de4d1a738b4a72f5d6a4105d8c9d4626f4208ee92e64d28c7ec2f30f4_1280-2407837-300x225.jpg\" class=\"attachment-medium size-medium wp-image-61\" alt=\"desserts maison, caf\u00e9 gourmand restaurant lacapelle marival le caf\u00e9 du midi\" srcset=\"https:\/\/lecafedumidi46.fr\/wp-content\/uploads\/2026\/03\/g4d0d8889b713b9196370ebf68e1b0aa80d9b60632d10f144026754df76e1ac254ca7843de4d1a738b4a72f5d6a4105d8c9d4626f4208ee92e64d28c7ec2f30f4_1280-2407837-300x225.jpg 300w, https:\/\/lecafedumidi46.fr\/wp-content\/uploads\/2026\/03\/g4d0d8889b713b9196370ebf68e1b0aa80d9b60632d10f144026754df76e1ac254ca7843de4d1a738b4a72f5d6a4105d8c9d4626f4208ee92e64d28c7ec2f30f4_1280-2407837-1024x768.jpg 1024w, https:\/\/lecafedumidi46.fr\/wp-content\/uploads\/2026\/03\/g4d0d8889b713b9196370ebf68e1b0aa80d9b60632d10f144026754df76e1ac254ca7843de4d1a738b4a72f5d6a4105d8c9d4626f4208ee92e64d28c7ec2f30f4_1280-2407837-768x576.jpg 768w, https:\/\/lecafedumidi46.fr\/wp-content\/uploads\/2026\/03\/g4d0d8889b713b9196370ebf68e1b0aa80d9b60632d10f144026754df76e1ac254ca7843de4d1a738b4a72f5d6a4105d8c9d4626f4208ee92e64d28c7ec2f30f4_1280-2407837.jpg 1280w\" sizes=\"(max-width: 300px) 100vw, 300px\" \/>\t\t\t\t\t\t\t\t\t\t\t\t\t\t\t<\/div>\n\t\t\t\t<div class=\"elementor-element elementor-element-d248465 elementor-widget elementor-widget-heading\" data-id=\"d248465\" data-element_type=\"widget\" data-e-type=\"widget\" data-widget_type=\"heading.default\">\n\t\t\t\t\t<h2 class=\"elementor-heading-title elementor-size-default\"><a href=\"https:\/\/lecafedumidi46.fr\/?page_id=38\">Des desserts Maison<\/a><\/h2>\t\t\t\t<\/div>\n\t\t\t\t<div class=\"elementor-element elementor-element-b755b9d elementor-widget elementor-widget-text-editor\" data-id=\"b755b9d\" data-element_type=\"widget\" data-e-type=\"widget\" data-widget_type=\"text-editor.default\">\n\t\t\t\t\t\t\t\t\t<p>Depuis la tarte Tatin, en passant par les fameuses profiteroles au chocolat \u00e0 savourer en solo ou \u00e0 partager, finissez vos repas en douceur au Caf\u00e9 du Midi<\/p>\t\t\t\t\t\t\t\t<\/div>\n\t\t\t\t<\/div>\n\t\t\t\t\t<\/div>\n\t\t\t\t<\/div>\n\t\t\t\t<\/div>\n\t\t","protected":false},"excerpt":{"rendered":"<p>L&#8217;Esprit Caf\u00e9 du Midi Les viandes locales, sp\u00e9cialit\u00e9s du Caf\u00e9 du Midi Au Restaurant Le Caf\u00e9 du Midi, nous travaillons [&hellip;]<\/p>\n","protected":false},"author":1,"featured_media":0,"parent":0,"menu_order":0,"comment_status":"closed","ping_status":"closed","template":"","meta":{"site-sidebar-layout":"no-sidebar","site-content-layout":"","ast-site-content-layout":"full-width-container","site-content-style":"default","site-sidebar-style":"default","ast-global-header-display":"","ast-banner-title-visibility":"","ast-main-header-display":"","ast-hfb-above-header-display":"","ast-hfb-below-header-display":"","ast-hfb-mobile-header-display":"","site-post-title":"","ast-breadcrumbs-content":"","ast-featured-img":"disabled","footer-sml-layout":"","ast-disable-related-posts":"","theme-transparent-header-meta":"","adv-header-id-meta":"","stick-header-meta":"","header-above-stick-meta":"","header-main-stick-meta":"","header-below-stick-meta":"","astra-migrate-meta-layouts":"default","ast-page-background-enabled":"default","ast-page-background-meta":{"desktop":{"background-color":"var(--ast-global-color-5)","background-image":"","background-repeat":"repeat","background-position":"center center","background-size":"auto","background-attachment":"scroll","background-type":"","background-media":"","overlay-type":"","overlay-color":"","overlay-opacity":"","overlay-gradient":""},"tablet":{"background-color":"","background-image":"","background-repeat":"repeat","background-position":"center center","background-size":"auto","background-attachment":"scroll","background-type":"","background-media":"","overlay-type":"","overlay-color":"","overlay-opacity":"","overlay-gradient":""},"mobile":{"background-color":"","background-image":"","background-repeat":"repeat","background-position":"center center","background-size":"auto","background-attachment":"scroll","background-type":"","background-media":"","overlay-type":"","overlay-color":"","overlay-opacity":"","overlay-gradient":""}},"ast-content-background-meta":{"desktop":{"background-color":"var(--ast-global-color-4)","background-image":"","background-repeat":"repeat","background-position":"center center","background-size":"auto","background-attachment":"scroll","background-type":"","background-media":"","overlay-type":"","overlay-color":"","overlay-opacity":"","overlay-gradient":""},"tablet":{"background-color":"var(--ast-global-color-4)","background-image":"","background-repeat":"repeat","background-position":"center center","background-size":"auto","background-attachment":"scroll","background-type":"","background-media":"","overlay-type":"","overlay-color":"","overlay-opacity":"","overlay-gradient":""},"mobile":{"background-color":"var(--ast-global-color-4)","background-image":"","background-repeat":"repeat","background-position":"center center","background-size":"auto","background-attachment":"scroll","background-type":"","background-media":"","overlay-type":"","overlay-color":"","overlay-opacity":"","overlay-gradient":""}},"footnotes":""},"class_list":["post-56","page","type-page","status-publish","hentry"],"_links":{"self":[{"href":"https:\/\/lecafedumidi46.fr\/index.php?rest_route=\/wp\/v2\/pages\/56","targetHints":{"allow":["GET"]}}],"collection":[{"href":"https:\/\/lecafedumidi46.fr\/index.php?rest_route=\/wp\/v2\/pages"}],"about":[{"href":"https:\/\/lecafedumidi46.fr\/index.php?rest_route=\/wp\/v2\/types\/page"}],"author":[{"embeddable":true,"href":"https:\/\/lecafedumidi46.fr\/index.php?rest_route=\/wp\/v2\/users\/1"}],"replies":[{"embeddable":true,"href":"https:\/\/lecafedumidi46.fr\/index.php?rest_route=%2Fwp%2Fv2%2Fcomments&post=56"}],"version-history":[{"count":49,"href":"https:\/\/lecafedumidi46.fr\/index.php?rest_route=\/wp\/v2\/pages\/56\/revisions"}],"predecessor-version":[{"id":186,"href":"https:\/\/lecafedumidi46.fr\/index.php?rest_route=\/wp\/v2\/pages\/56\/revisions\/186"}],"wp:attachment":[{"href":"https:\/\/lecafedumidi46.fr\/index.php?rest_route=%2Fwp%2Fv2%2Fmedia&parent=56"}],"curies":[{"name":"wp","href":"https:\/\/api.w.org\/{rel}","templated":true}]}}